{"id":643,"date":"2017-05-17T17:22:14","date_gmt":"2017-05-17T15:22:14","guid":{"rendered":"http:\/\/laparenthese-banon.com\/GITE\/?page_id=643"},"modified":"2021-05-17T17:27:24","modified_gmt":"2021-05-17T15:27:24","slug":"reserver","status":"publish","type":"page","link":"https:\/\/laparenthese-banon.com\/GITE\/contact\/reserver\/","title":{"rendered":"Tarifs et disponibilit\u00e9s"},"content":{"rendered":"<blockquote><p>Pour prendre connaissance des tarifs ; pour connaitre les disponibilit\u00e9s et r\u00e9server.<\/p><\/blockquote>\n<h3>TARIFS et <strong>R\u00c9SERVATION<\/strong><\/h3>\n<blockquote><p><strong>En raison de la fermeture d\u00e9finitive de La Parenth\u00e8se, les r\u00e9servations sont d\u00e9sormais impossibles !<\/strong><\/p>\n<p><span style=\"color: #d60404;\"><strong><em>Rappel : les animaux ne sont pas admis.<\/em><\/strong><\/span><\/p><\/blockquote>\n<p><div class=\"pricing_table pcol4\">\n<div class=\"price_col \" style=\"background-color:#373838 !important;\">\n<div class=\"th\">Familiales<\/div>\n<div class=\"td\">4 personnes max.\n\u00e0 partir de 78\u20ac<\/div>\n<div class=\"td\">2 nuits ou plus\nPrix pour 2 pers.\nHS:82 \/ BS:78 \u20ac<\/div>\n<div class=\"td\">Adulte sup. 25 \u20ac\nEnfant sup. 16 \u20ac<\/div>\n<div class=\"tf\"><a href=\"https:\/\/laparenthese-banon.com\/GITE\/les-chambres\/chambres-familiales\/\">RESERVER &#8230;<\/a><\/div>\n<\/div>\n<div class=\"price_col highlight\" style=\"background-color:#0d518c !important;\">\n<div class=\"th\">TRIPLE<\/div>\n<div class=\"td\">3-4 personnes max.\n\u00e0 partir de 78\u20ac<\/div>\n<div class=\"td\">2 nuits ou plus\nPrix pour 2 pers.\nHS:82 \/ BS:78 \u20ac<\/div>\n<div class=\"td\">Adulte sup. 25 \u20ac\nEnfant sup. 16 \u20ac<\/div>\n<div class=\"tf\"><a href=\"https:\/\/laparenthese-banon.com\/GITE\/les-chambres\/point-virgule\/\">RESERVER &#8230;<\/a><\/div>\n<\/div>\n<div class=\"price_col highlight\" style=\"background-color:#1f2761 !important;\">\n<div class=\"th\">DOUBLE<\/div>\n<div class=\"td\">2 personnes max.\nR\u00e9duction pers. seule\n\u00e0 partir de 69\u20ac<\/div>\n<div class=\"td\">2 nuits et +\n1 personne\nHS:73 \/ BS:69 \u20ac<\/div>\n<div class=\"td\">2 nuits et +\n2 personnes\nHS:77 \/ BS:73 \u20ac<\/div>\n<div class=\"tf\"><a href=\"https:\/\/laparenthese-banon.com\/GITE\/les-chambres\/chambre-esperluette\/\">RESERVER &#8230;<\/a><\/div>\n<\/div>\n<div class=\"price_col highlight\" style=\"background-color:#008080 !important;\">\n<div class=\"th\">TARIFS d\u00e9taill\u00e9s<\/div>\n<div class=\"td\">Tarifs en \u20ac par nuit\nPetit-d\u00e9jeuner\ncompris<\/div>\n<div class=\"td\">\nHaute Saison : HS \/\nBasse Saison : BS<\/div>\n<div class=\"td\">R\u00e9duction enfants &lt; 13 ans. Gratuit pour les b\u00e9b\u00e9s\u00a0 \u00a0(&lt; 3 ans)<\/div><\/p>\n<p><\/div>\n<div class=\"clear\"><\/div><\/div><br \/>\n<div class=\"one_half name of animation\"><\/p>\n<h3>Pour <strong>RESERVER<\/strong><\/h3>\n<p><strong>Il n&rsquo;est plus possible de r\u00e9server, fermeture d\u00e9finitive le 4 novembre 2019.<\/strong><\/p>\n<p><a href=\"https:\/\/laparenthese-banon.com\/GITE\/fermeture\/\" rel=\"noopener noreferrer\"><img loading=\"lazy\" class=\"alignnone wp-image-616 size-full\" src=\"https:\/\/laparenthese-banon.com\/GITE\/wp-content\/uploads\/2017\/04\/bouton-Reserver_petit.jpg\" alt=\"\" width=\"205\" height=\"89\" \/><\/a><br \/>\n<\/div><div class=\"one_half name of animation last_column\"><\/p>\n<h3>Pour nous <strong>CONTACTER<\/strong><\/h3>\n<p><strong>La Parenth\u00e8se Banon<br \/>\nRoute de Forcalquier<\/strong><br \/>\n<strong>04150 \u00a0 &#8211; \u00a0 BANON<\/strong><\/p>\n<hr \/>\n<p>Tel. : FERMETURE DEFINITIVE !<br \/>\nMob. : FERMETURE DEFINITIVE !<br \/>\n@ : FERMETURE DEFINITIVE !<\/p>\n<p><\/div><\/p>\n<hr \/>\n<h3>Page <strong>CONTACT<\/strong><\/h3>\n<p>Pour acc\u00e9der \u00e0 la <strong><a href=\"https:\/\/laparenthese-banon.com\/GITE\/contact\/\">page CONTACT<\/a><\/strong> : plan d&rsquo;acc\u00e8s, r\u00e9daction d&rsquo;un message, etc.<\/p>\n<p><a href=\"https:\/\/laparenthese-banon.com\/GITE\/contact\/\"><img loading=\"lazy\" class=\"alignnone wp-image-644 size-full\" src=\"http:\/\/laparenthese-banon.com\/GITE\/wp-content\/uploads\/2017\/05\/Page_Contact_logo.jpg\" alt=\"\" width=\"614\" height=\"425\" srcset=\"https:\/\/laparenthese-banon.com\/GITE\/wp-content\/uploads\/2017\/05\/Page_Contact_logo.jpg 614w, https:\/\/laparenthese-banon.com\/GITE\/wp-content\/uploads\/2017\/05\/Page_Contact_logo-300x208.jpg 300w\" sizes=\"(max-width: 614px) 100vw, 614px\" \/><\/a><\/p>\n<hr \/>\n<h3 align=\"left\"><\/h3>\n<h1><\/h1>\n","protected":false},"excerpt":{"rendered":"<p>Pour prendre connaissance des tarifs ; pour connaitre les disponibilit\u00e9s et r\u00e9server. TARIFS et R\u00c9SERVATION En raison de la fermeture d\u00e9finitive de La Parenth\u00e8se, les r\u00e9servations sont d\u00e9sormais impossibles ! Rappel : les animaux ne sont pas admis. Page CONTACT&#8230; <\/p>\n","protected":false},"author":1,"featured_media":0,"parent":282,"menu_order":1,"comment_status":"open","ping_status":"closed","template":"template-right-sidebar.php","meta":[],"yoast_head":"<!-- This site is optimized with the Yoast SEO plugin v19.8 - https:\/\/yoast.com\/wordpress\/plugins\/seo\/ -->\n<title>Tarifs et disponibilit\u00e9s<\/title>\n<meta name=\"description\" content=\"Pour prendre connaissance des tarifs ; pour connaitre les disponibilit\u00e9s et r\u00e9server. TARIFS et R\u00c9SERVATION En raison de la fermeture d\u00e9finitive de La\" \/>\n<meta name=\"robots\" content=\"index, follow, max-snippet:-1, max-image-preview:large, max-video-preview:-1\" \/>\n<link rel=\"canonical\" href=\"https:\/\/laparenthese-banon.com\/GITE\/contact\/reserver\/\" \/>\n<meta property=\"og:locale\" content=\"fr_FR\" \/>\n<meta property=\"og:type\" content=\"article\" \/>\n<meta property=\"og:title\" content=\"Tarifs et disponibilit\u00e9s\" \/>\n<meta property=\"og:description\" content=\"Pour prendre connaissance des tarifs ; pour connaitre les disponibilit\u00e9s et r\u00e9server. TARIFS et R\u00c9SERVATION En raison de la fermeture d\u00e9finitive de La\" \/>\n<meta property=\"og:url\" content=\"https:\/\/laparenthese-banon.com\/GITE\/contact\/reserver\/\" \/>\n<meta property=\"og:site_name\" content=\"La Parenth\u00e8se Banon\" \/>\n<meta property=\"article:modified_time\" content=\"2021-05-17T15:27:24+00:00\" \/>\n<meta property=\"og:image\" content=\"https:\/\/laparenthese-banon.com\/GITE\/wp-content\/uploads\/2017\/04\/bouton-Reserver_petit.jpg\" \/>\n<meta name=\"twitter:card\" content=\"summary_large_image\" \/>\n<meta name=\"twitter:label1\" content=\"Dur\u00e9e de lecture estim\u00e9e\" \/>\n\t<meta name=\"twitter:data1\" content=\"2 minutes\" \/>\n<script type=\"application\/ld+json\" class=\"yoast-schema-graph\">{\"@context\":\"https:\/\/schema.org\",\"@graph\":[{\"@type\":\"WebPage\",\"@id\":\"https:\/\/laparenthese-banon.com\/GITE\/contact\/reserver\/\",\"url\":\"https:\/\/laparenthese-banon.com\/GITE\/contact\/reserver\/\",\"name\":\"Tarifs et disponibilit\u00e9s\",\"isPartOf\":{\"@id\":\"https:\/\/laparenthese-banon.com\/GITE\/#website\"},\"datePublished\":\"2017-05-17T15:22:14+00:00\",\"dateModified\":\"2021-05-17T15:27:24+00:00\",\"description\":\"Pour prendre connaissance des tarifs ; pour connaitre les disponibilit\u00e9s et r\u00e9server. TARIFS et R\u00c9SERVATION En raison de la fermeture d\u00e9finitive de La\",\"breadcrumb\":{\"@id\":\"https:\/\/laparenthese-banon.com\/GITE\/contact\/reserver\/#breadcrumb\"},\"inLanguage\":\"fr-FR\",\"potentialAction\":[{\"@type\":\"ReadAction\",\"target\":[\"https:\/\/laparenthese-banon.com\/GITE\/contact\/reserver\/\"]}]},{\"@type\":\"BreadcrumbList\",\"@id\":\"https:\/\/laparenthese-banon.com\/GITE\/contact\/reserver\/#breadcrumb\",\"itemListElement\":[{\"@type\":\"ListItem\",\"position\":1,\"name\":\"Accueil\",\"item\":\"https:\/\/laparenthese-banon.com\/GITE\/\"},{\"@type\":\"ListItem\",\"position\":2,\"name\":\"Contact\",\"item\":\"https:\/\/laparenthese-banon.com\/GITE\/contact\/\"},{\"@type\":\"ListItem\",\"position\":3,\"name\":\"Tarifs et disponibilit\u00e9s\"}]},{\"@type\":\"WebSite\",\"@id\":\"https:\/\/laparenthese-banon.com\/GITE\/#website\",\"url\":\"https:\/\/laparenthese-banon.com\/GITE\/\",\"name\":\"La Parenth\u00e8se Banon\",\"description\":\"Maison d&#039;H\u00f4tes et de Randonneurs en Haute-Provence\",\"potentialAction\":[{\"@type\":\"SearchAction\",\"target\":{\"@type\":\"EntryPoint\",\"urlTemplate\":\"https:\/\/laparenthese-banon.com\/GITE\/?s={search_term_string}\"},\"query-input\":\"required name=search_term_string\"}],\"inLanguage\":\"fr-FR\"}]}<\/script>\n<!-- \/ Yoast SEO plugin. -->","yoast_head_json":{"title":"Tarifs et disponibilit\u00e9s","description":"Pour prendre connaissance des tarifs ; pour connaitre les disponibilit\u00e9s et r\u00e9server. TARIFS et R\u00c9SERVATION En raison de la fermeture d\u00e9finitive de La","robots":{"index":"index","follow":"follow","max-snippet":"max-snippet:-1","max-image-preview":"max-image-preview:large","max-video-preview":"max-video-preview:-1"},"canonical":"https:\/\/laparenthese-banon.com\/GITE\/contact\/reserver\/","og_locale":"fr_FR","og_type":"article","og_title":"Tarifs et disponibilit\u00e9s","og_description":"Pour prendre connaissance des tarifs ; pour connaitre les disponibilit\u00e9s et r\u00e9server. TARIFS et R\u00c9SERVATION En raison de la fermeture d\u00e9finitive de La","og_url":"https:\/\/laparenthese-banon.com\/GITE\/contact\/reserver\/","og_site_name":"La Parenth\u00e8se Banon","article_modified_time":"2021-05-17T15:27:24+00:00","og_image":[{"url":"https:\/\/laparenthese-banon.com\/GITE\/wp-content\/uploads\/2017\/04\/bouton-Reserver_petit.jpg"}],"twitter_card":"summary_large_image","twitter_misc":{"Dur\u00e9e de lecture estim\u00e9e":"2 minutes"},"schema":{"@context":"https:\/\/schema.org","@graph":[{"@type":"WebPage","@id":"https:\/\/laparenthese-banon.com\/GITE\/contact\/reserver\/","url":"https:\/\/laparenthese-banon.com\/GITE\/contact\/reserver\/","name":"Tarifs et disponibilit\u00e9s","isPartOf":{"@id":"https:\/\/laparenthese-banon.com\/GITE\/#website"},"datePublished":"2017-05-17T15:22:14+00:00","dateModified":"2021-05-17T15:27:24+00:00","description":"Pour prendre connaissance des tarifs ; pour connaitre les disponibilit\u00e9s et r\u00e9server. TARIFS et R\u00c9SERVATION En raison de la fermeture d\u00e9finitive de La","breadcrumb":{"@id":"https:\/\/laparenthese-banon.com\/GITE\/contact\/reserver\/#breadcrumb"},"inLanguage":"fr-FR","potentialAction":[{"@type":"ReadAction","target":["https:\/\/laparenthese-banon.com\/GITE\/contact\/reserver\/"]}]},{"@type":"BreadcrumbList","@id":"https:\/\/laparenthese-banon.com\/GITE\/contact\/reserver\/#breadcrumb","itemListElement":[{"@type":"ListItem","position":1,"name":"Accueil","item":"https:\/\/laparenthese-banon.com\/GITE\/"},{"@type":"ListItem","position":2,"name":"Contact","item":"https:\/\/laparenthese-banon.com\/GITE\/contact\/"},{"@type":"ListItem","position":3,"name":"Tarifs et disponibilit\u00e9s"}]},{"@type":"WebSite","@id":"https:\/\/laparenthese-banon.com\/GITE\/#website","url":"https:\/\/laparenthese-banon.com\/GITE\/","name":"La Parenth\u00e8se Banon","description":"Maison d&#039;H\u00f4tes et de Randonneurs en Haute-Provence","potentialAction":[{"@type":"SearchAction","target":{"@type":"EntryPoint","urlTemplate":"https:\/\/laparenthese-banon.com\/GITE\/?s={search_term_string}"},"query-input":"required name=search_term_string"}],"inLanguage":"fr-FR"}]}},"_links":{"self":[{"href":"https:\/\/laparenthese-banon.com\/GITE\/wp-json\/wp\/v2\/pages\/643"}],"collection":[{"href":"https:\/\/laparenthese-banon.com\/GITE\/wp-json\/wp\/v2\/pages"}],"about":[{"href":"https:\/\/laparenthese-banon.com\/GITE\/wp-json\/wp\/v2\/types\/page"}],"author":[{"embeddable":true,"href":"https:\/\/laparenthese-banon.com\/GITE\/wp-json\/wp\/v2\/users\/1"}],"replies":[{"embeddable":true,"href":"https:\/\/laparenthese-banon.com\/GITE\/wp-json\/wp\/v2\/comments?post=643"}],"version-history":[{"count":26,"href":"https:\/\/laparenthese-banon.com\/GITE\/wp-json\/wp\/v2\/pages\/643\/revisions"}],"predecessor-version":[{"id":1465,"href":"https:\/\/laparenthese-banon.com\/GITE\/wp-json\/wp\/v2\/pages\/643\/revisions\/1465"}],"up":[{"embeddable":true,"href":"https:\/\/laparenthese-banon.com\/GITE\/wp-json\/wp\/v2\/pages\/282"}],"wp:attachment":[{"href":"https:\/\/laparenthese-banon.com\/GITE\/wp-json\/wp\/v2\/media?parent=643"}],"curies":[{"name":"wp","href":"https:\/\/api.w.org\/{rel}","templated":true}]}}